{"id":513,"date":"2023-03-07T12:19:54","date_gmt":"2023-03-07T11:19:54","guid":{"rendered":"http:\/\/www.source77.net\/expophoto\/panneau-57-copy\/"},"modified":"2023-09-20T17:23:01","modified_gmt":"2023-09-20T15:23:01","slug":"panneau-58","status":"publish","type":"page","link":"https:\/\/www.source77.net\/expophoto\/panneau-58\/","title":{"rendered":"Panneau-58"},"content":{"rendered":"<div>\n<div style=\"float: left; width: 350px;margin-right: 60px;\">\n<img decoding=\"async\" src=\"https:\/\/www.source77.net\/expophoto\/wp-content\/uploads\/2023\/03\/2021-07-08.jpg\" alt=\"Panneau_58\" \/>\n<\/div>\n<div style=\"float: left; width: 350px;text-align: justify;\">\n<p>&nbsp;<br \/>\n<strong>\u00ab La D\u00e9claration universelle des droits de l\u2019homme.<\/p>\n<p style=\"text-align: justify\">L\u2019Assembl\u00e9e g\u00e9n\u00e9rale proclame la pr\u00e9sente D\u00e9claration universelle des droits de l\u2019homme comme l\u2019id\u00e9al commun \u00e0 atteindre par tous les peuples et toutes les nations afin que tous les individus et tous les organes de la soci\u00e9t\u00e9, ayant cette D\u00e9claration constamment \u00e0 l\u2019esprit, s\u2019efforcent, par l\u2019enseignement et l\u2019\u00e9ducation, de d\u00e9velopper le respect de ces droits et libert\u00e9s et d\u2019en assurer, par des mesures progressives d\u2019ordre national et international, la reconnaissance et l\u2019application universelles et effectives, tant parmi les populations des Etats membres eux-m\u00eames que parmi celles des territoires plac\u00e9s sous leur juridiction.<br \/>Article 8 : Toute personne a droit \u00e0 un recours effectif devant les juridictions nationales comp\u00e9tentes contre les actes violant les droits fondamentaux qui lui sont reconnus par la constitution ou par la loi.<br \/>Article 9 : Nul ne peut \u00eatre arbitrairement arr\u00eat\u00e9, d\u00e9tenu ou exil\u00e9.<br \/>Article 10 : Toute personne a droit, en pleine \u00e9galit\u00e9, \u00e0 ce que sa cause soit entendue \u00e9quitablement et publiquement par un tribunal ind\u00e9pendant et impartial, qui d\u00e9cidera, soit de ses droits et obligations, soit du bien-fond\u00e9 de toute accusation en mati\u00e8re p\u00e9nale dirig\u00e9e contre elle.<br \/>Article 11.1. : Toute personne accus\u00e9e d\u2019un acte d\u00e9lictueux est pr\u00e9sum\u00e9e innocente jusqu\u2019\u00e0 ce que sa culpabilit\u00e9 ait \u00e9t\u00e9 l\u00e9galement \u00e9tablie au cours d\u2019un proc\u00e8s public o\u00f9 toutes les garanties n\u00e9cessaires \u00e0 sa d\u00e9fense lui auront \u00e9t\u00e9 assur\u00e9es.<br \/>11.2. : Nul ne sera condamn\u00e9 pour des actions ou omissions qui, au moment o\u00f9 elles ont \u00e9t\u00e9 commises, ne constituaient pas un acte d\u00e9lictueux d\u2019apr\u00e8s le droit national ou international. De m\u00eame, il ne sera inflig\u00e9 aucune peine plus forte que celle qui \u00e9tait applicable au moment o\u00f9 l\u2019acte d\u00e9lictueux a \u00e9t\u00e9 commis. \u00bb<\/strong><br \/>\n&nbsp;<br \/>\nSource : un.org<\/p>\n<\/div>\n<div style=\"clear: left;\"><\/div>\n<\/div>\n<p>&nbsp;<\/p>\n","protected":false},"excerpt":{"rendered":"<p>&nbsp; \u00ab La D\u00e9claration universelle des droits de l\u2019homme. L\u2019Assembl\u00e9e g\u00e9n\u00e9rale proclame la pr\u00e9sente D\u00e9claration universelle des droits de l\u2019homme comme l\u2019id\u00e9al commun \u00e0 atteindre par tous les peuples et toutes les nations afin que tous les individus et tous les organes de la soci\u00e9t\u00e9, ayant cette D\u00e9claration constamment \u00e0 l\u2019esprit, s\u2019efforcent, par l\u2019enseignement et [&hellip;]<\/p>\n","protected":false},"author":1,"featured_media":0,"parent":0,"menu_order":0,"comment_status":"closed","ping_status":"closed","template":"","meta":{"footnotes":""},"_links":{"self":[{"href":"https:\/\/www.source77.net\/expophoto\/wp-json\/wp\/v2\/pages\/513"}],"collection":[{"href":"https:\/\/www.source77.net\/expophoto\/wp-json\/wp\/v2\/pages"}],"about":[{"href":"https:\/\/www.source77.net\/expophoto\/wp-json\/wp\/v2\/types\/page"}],"author":[{"embeddable":true,"href":"https:\/\/www.source77.net\/expophoto\/wp-json\/wp\/v2\/users\/1"}],"replies":[{"embeddable":true,"href":"https:\/\/www.source77.net\/expophoto\/wp-json\/wp\/v2\/comments?post=513"}],"version-history":[{"count":4,"href":"https:\/\/www.source77.net\/expophoto\/wp-json\/wp\/v2\/pages\/513\/revisions"}],"predecessor-version":[{"id":1187,"href":"https:\/\/www.source77.net\/expophoto\/wp-json\/wp\/v2\/pages\/513\/revisions\/1187"}],"wp:attachment":[{"href":"https:\/\/www.source77.net\/expophoto\/wp-json\/wp\/v2\/media?parent=513"}],"curies":[{"name":"wp","href":"https:\/\/api.w.org\/{rel}","templated":true}]}}