{"id":509,"date":"2023-03-07T12:14:34","date_gmt":"2023-03-07T11:14:34","guid":{"rendered":"http:\/\/www.source77.net\/expophoto\/panneau-56-copy\/"},"modified":"2023-09-20T17:22:23","modified_gmt":"2023-09-20T15:22:23","slug":"panneau-57","status":"publish","type":"page","link":"https:\/\/www.source77.net\/expophoto\/panneau-57\/","title":{"rendered":"Panneau-57"},"content":{"rendered":"<div>\n<div style=\"float: left; width: 350px;margin-right: 60px;\">\n<img decoding=\"async\" src=\"https:\/\/www.source77.net\/expophoto\/wp-content\/uploads\/2023\/03\/2021-06.jpg\" alt=\"Panneau_57\" \/>\n<\/div>\n<div style=\"float: left; width: 350px;text-align: justify;\">\n<p>&nbsp;<br \/>\n<strong>\u00ab L\u2019Assembl\u00e9e g\u00e9n\u00e9rale proclame la pr\u00e9sente D\u00e9claration universelle des droits humains comme l\u2019id\u00e9al commun \u00e0 atteindre par tous les peuples et toutes les nations afin que tous les individus et tous les organes de la soci\u00e9t\u00e9, ayant cette D\u00e9claration constamment \u00e0 l\u2019esprit, s\u2019efforcent, par l\u2019enseignement et l\u2019\u00e9ducation, de d\u00e9velopper le respect de ces droits et libert\u00e9s et d\u2019en assurer, par des mesures progressives d\u2019ordre national et international, la reconnaissance et l\u2019application universelles et effectives, tant parmi les populations des Etats membres eux-m\u00eames que parmi celles des territoires plac\u00e9s sous leur juridiction.<br \/>\nArticle 3 : Tout individu a droit \u00e0 la vie, \u00e0 la libert\u00e9 et \u00e0 la s\u00fbret\u00e9 de sa personne.<br \/>\nArticle 4 : Nul ne sera tenu en esclavage ni en servitude ; l\u2019esclavage et la traite des esclaves sont interdits sous toutes leurs formes.<br \/>\nArticle 5 : Nul ne sera soumis \u00e0 la torture, ni \u00e0 des peines ou traitements cruels, inhumains ou d\u00e9gradants. \u00bb<\/strong><br \/>\n&nbsp;<br \/>\nSource : un.org<\/p>\n<\/div>\n<div style=\"clear: left;\"><\/div>\n<\/div>\n<p>&nbsp;<\/p>\n","protected":false},"excerpt":{"rendered":"<p>&nbsp; \u00ab L\u2019Assembl\u00e9e g\u00e9n\u00e9rale proclame la pr\u00e9sente D\u00e9claration universelle des droits humains comme l\u2019id\u00e9al commun \u00e0 atteindre par tous les peuples et toutes les nations afin que tous les individus et tous les organes de la soci\u00e9t\u00e9, ayant cette D\u00e9claration constamment \u00e0 l\u2019esprit, s\u2019efforcent, par l\u2019enseignement et l\u2019\u00e9ducation, de d\u00e9velopper le respect de ces droits [&hellip;]<\/p>\n","protected":false},"author":1,"featured_media":0,"parent":0,"menu_order":0,"comment_status":"closed","ping_status":"closed","template":"","meta":{"footnotes":""},"_links":{"self":[{"href":"https:\/\/www.source77.net\/expophoto\/wp-json\/wp\/v2\/pages\/509"}],"collection":[{"href":"https:\/\/www.source77.net\/expophoto\/wp-json\/wp\/v2\/pages"}],"about":[{"href":"https:\/\/www.source77.net\/expophoto\/wp-json\/wp\/v2\/types\/page"}],"author":[{"embeddable":true,"href":"https:\/\/www.source77.net\/expophoto\/wp-json\/wp\/v2\/users\/1"}],"replies":[{"embeddable":true,"href":"https:\/\/www.source77.net\/expophoto\/wp-json\/wp\/v2\/comments?post=509"}],"version-history":[{"count":4,"href":"https:\/\/www.source77.net\/expophoto\/wp-json\/wp\/v2\/pages\/509\/revisions"}],"predecessor-version":[{"id":1186,"href":"https:\/\/www.source77.net\/expophoto\/wp-json\/wp\/v2\/pages\/509\/revisions\/1186"}],"wp:attachment":[{"href":"https:\/\/www.source77.net\/expophoto\/wp-json\/wp\/v2\/media?parent=509"}],"curies":[{"name":"wp","href":"https:\/\/api.w.org\/{rel}","templated":true}]}}