{"id":370,"date":"2022-11-17T11:48:56","date_gmt":"2022-11-17T10:48:56","guid":{"rendered":"http:\/\/www.source77.net\/expophoto\/contact-copy\/"},"modified":"2023-12-04T14:23:26","modified_gmt":"2023-12-04T13:23:26","slug":"kit-pedagogique","status":"publish","type":"page","link":"https:\/\/www.source77.net\/expophoto\/kit-pedagogique\/","title":{"rendered":"Kit p\u00e9dagogique"},"content":{"rendered":"<div  class=\"marges-pages\">\n<h1 style=\"text-align: center; font-size: 25px;\"><strong>Kit p\u00e9dagogique<\/strong><\/h1>\n<p style=\"text-align: justify;\">Ce pack d\u2019accompagnement contient une s\u00e9rie de 34 posters en noir et blanc avec sous-textes issus des quatri\u00e8mes de couverture de la revue <i>Partage international<\/i>. Les photographies et les textes d\u2019accompagnement se pr\u00e9sentent sous la forme d\u2019une exposition de qualit\u00e9. Il est probable que les activit\u00e9s et les id\u00e9es d\u00e9crites dans ce pack conduiront les \u00e9l\u00e8ves \u00e0 une participation beaucoup plus active \u00e0 diff\u00e9rents niveaux, leur permettant d\u2019en apprendre potentiellement beaucoup plus qu\u2019en regardant simplement l&rsquo;exposition.<\/p>\n<p style=\"text-align: justify;\">Ce kit p\u00e9dagogique comprend \u00e9galement une proposition d\u2019agencement de la pr\u00e9sentation des images.<\/p>\n<p style=\"text-align: justify;\">Beaucoup de jeunes gens sont tr\u00e8s pr\u00e9occup\u00e9s par l\u2019environnement et les questions d\u2019injustice et de pauvret\u00e9. Ces images et ces mat\u00e9riaux stimuleront les discussions et peuvent \u00e9galement inspirer l\u2019action.<\/p>\n<p style=\"text-align: justify;\">Ce kit pourrait \u00eatre une mani\u00e8re d&rsquo;aborder le d\u00e9veloppement durable.<\/p>\n<p style=\"text-align: justify;\">Ce pack a \u00e9t\u00e9 cr\u00e9\u00e9e \u00e0 partir des quatri\u00e8mes de couverture de la revue <i>Partage international<\/i> qui a publi\u00e9 des photographies de la phototh\u00e8que des Nations Unies. Des images similaires peuvent \u00eatre trouv\u00e9es sur le site Web de l&rsquo;histoire imag\u00e9e de l&rsquo;ONU, ou les sites d&rsquo;autres organisations comme Oxfam.<\/p>\n<p style=\"text-align: justify;\">Pour plus d&rsquo;information concernant le kit p\u00e9dagogique, vous pouvez utiliser le formulaire de <b>CONTACT<\/b>, et nous vous r\u00e9pondrons dans les meilleurs d\u00e9lais.<\/p>\n","protected":false},"excerpt":{"rendered":"<p>Kit p\u00e9dagogique Ce pack d\u2019accompagnement contient une s\u00e9rie de 34 posters en noir et blanc avec sous-textes issus des quatri\u00e8mes de couverture de la revue Partage international. Les photographies et les textes d\u2019accompagnement se pr\u00e9sentent sous la forme d\u2019une exposition de qualit\u00e9. Il est probable que les activit\u00e9s et les id\u00e9es d\u00e9crites dans ce pack [&hellip;]<\/p>\n","protected":false},"author":1,"featured_media":0,"parent":0,"menu_order":0,"comment_status":"closed","ping_status":"closed","template":"","meta":{"footnotes":""},"_links":{"self":[{"href":"https:\/\/www.source77.net\/expophoto\/wp-json\/wp\/v2\/pages\/370"}],"collection":[{"href":"https:\/\/www.source77.net\/expophoto\/wp-json\/wp\/v2\/pages"}],"about":[{"href":"https:\/\/www.source77.net\/expophoto\/wp-json\/wp\/v2\/types\/page"}],"author":[{"embeddable":true,"href":"https:\/\/www.source77.net\/expophoto\/wp-json\/wp\/v2\/users\/1"}],"replies":[{"embeddable":true,"href":"https:\/\/www.source77.net\/expophoto\/wp-json\/wp\/v2\/comments?post=370"}],"version-history":[{"count":15,"href":"https:\/\/www.source77.net\/expophoto\/wp-json\/wp\/v2\/pages\/370\/revisions"}],"predecessor-version":[{"id":1261,"href":"https:\/\/www.source77.net\/expophoto\/wp-json\/wp\/v2\/pages\/370\/revisions\/1261"}],"wp:attachment":[{"href":"https:\/\/www.source77.net\/expophoto\/wp-json\/wp\/v2\/media?parent=370"}],"curies":[{"name":"wp","href":"https:\/\/api.w.org\/{rel}","templated":true}]}}