{"id":1263,"date":"2024-02-12T13:43:41","date_gmt":"2024-02-12T12:43:41","guid":{"rendered":"https:\/\/www.source77.net\/expophoto\/kit-pedagogique-copy\/"},"modified":"2025-02-28T17:57:50","modified_gmt":"2025-02-28T16:57:50","slug":"agenda","status":"publish","type":"page","link":"https:\/\/www.source77.net\/expophoto\/agenda\/","title":{"rendered":"Agenda"},"content":{"rendered":"<div class=\"marges-pages\" style=\"width: 70%;margin: 0 auto;\">\n<!-- \n\n<h1 style=\"text-align: center;font-size: 25px;\"><strong>Agenda des expositions<\/strong><\/h1>\n\n\n&nbsp; --><\/p>\n<h1 style=\"text-align: center; background-color: #EED584;\">Agenda des expositions photos intitul\u00e9es<br \/>\n\u00ab\u00a0le partage sauvera le monde\u00a0\u00bb<\/h1>\n<h3 style=\"text-align: center;\"> Participation aux frais : gratuit<\/h3>\n<h2 style=\"text-align: center; margin: auto; width: 280px;background-color: #EED584;\"> Exposition permanente<\/h2>\n<p style=\"padding-top: 8px;\"><b> Dates : tous les mardis au samedi<\/b> de 10h 00 \u00e0 12 h 30, et de 14 h 30 \u00e0 19 h 00<br \/>\n<b>Lieu :<\/b><span style=\"margin-left : 12px;\">Librairie Univers, 51 rue des Tanneurs, 57000 Metz<\/span><\/p>\n<p><span style=\"height: 12px;\"> <\/span><\/p>\n<h2 style=\"text-align: center; margin: auto; width: 270px;background-color: #EED584;\"> Expositions temporaires<\/h2>\n<p style=\"text-align: center;\"><i> Pas d&rsquo;exposition temporaire de programm\u00e9e.<\/i><\/p>\n<p><!--\n\n\n<p style=\"padding-top: 8px;\"><b> Dates : <\/b>du <b>mardi 21 janvier 2025<\/b> au <b>lundi 31 mars 2025<\/b> de 8h 30 \u00e0 20h 00.\n<b>Lieu :<\/b><span style=\"margin-left : 12px;\">Salle de co-working, 60 rue de la Jonqui\u00e8re, 75017 Paris, M\u00b0 Brochant<\/span><\/p>\n\n\n\n\n<p style=\"padding-top: 8px;\"><b> Dates : <\/b>du <b>samedi 15 f\u00e9vrier 2025<\/b> au <b>samedi 22 f\u00e9vrier 2025<\/b> de 8h 30 \u00e0 20h 00.\n<b>Lieu :<\/b><span style=\"margin-left : 12px;\">450, Avenue des Lots, 26600 Tain-l'Hermitage<\/span><\/p>\n\n\n\n\n<p style=\"padding-top: 8px;\"><b> Dates : <\/b>du <b>samedi 22 f\u00e9vrier 2025<\/b> au <b>samedi 8 mars 2025<\/b> de 8h 30 \u00e0 20h 00.\n<b>Lieu :<\/b><span style=\"margin-left : 12px;\">Hypermarch\u00e9, 9001 Boulevard Georges Couthon, 63540 Romagnat<\/span><\/p>\n\n\n\n\n<p style=\"padding-top: 8px;\"><b> Dates : <\/b>du <b>lundi 24 f\u00e9vrier 2025<\/b> au <b>lundi 10 mars 2025<\/b> de 8h 30 \u00e0 20h 00.\n<b>Lieu :<\/b><span style=\"margin-left : 12px;\">Hypermarch\u00e9, Zone d\u2019activit\u00e9, 35520 La M\u00e9zi\u00e8re<\/span><\/p>\n\n\n\n\n<p style=\"padding-top: 8px;\"><b> Dates : <\/b>du <b>lundi 17 mars 2025<\/b> au <b>samedi 07 avril 2025<\/b> de 8h 30 \u00e0 20h 30.\n<b>Lieu :<\/b><span style=\"margin-left : 12px;\">Restaurant, Avenue Pierre et Marie Curie, 80350 Mers-les-Bains<\/span><\/p>\n\n\n\n\n<p style=\"padding-top: 8px;\"><b> Dates : <\/b>du <b>lundi 31 mars 2025<\/b> au <b>samedi 05 avril 2025<\/b> de 8h 30 \u00e0 20h 30.\n<b>Lieu :<\/b><span style=\"margin-left : 12px;\">Espace Culturel, Pr\u00e9 Aubert, 89100 Saint-Denis-L\u00e8s-Sens<\/span><\/p>\n\n\n\n\n<p style=\"padding-top: 8px;\"><b> Dates : <\/b>du <b>mardi 15 avril 2025<\/b> au <b>mercredi 23 avril 2025<\/b> de 8h 30 \u00e0 20h 30.\n<b>Lieu :<\/b><span style=\"margin-left : 12px;\">Centre Commercial, 14 rue Georges Briquet, 87100 Limoges<\/span><\/p>\n\n\n\n\n<p style=\"padding-top: 8px;\"><b> Dates : <\/b>du <b>lundi 05 mai 2025<\/b> au <b>lundi 12 mai 2025<\/b> de 8h 30 \u00e0 20h 30.\n<b>Lieu :<\/b><span style=\"margin-left : 12px;\">Hypermarch\u00e9, Route de Chateau Landon, 45680 Dordives<\/span><\/p>\n\n\n<\/div>\n\n\n--> <\/p>\n","protected":false},"excerpt":{"rendered":"<p>Agenda des expositions photos intitul\u00e9es \u00ab\u00a0le partage sauvera le monde\u00a0\u00bb Participation aux frais : gratuit Exposition permanente Dates : tous les mardis au samedi de 10h 00 \u00e0 12 h 30, et de 14 h 30 \u00e0 19 h 00 Lieu :Librairie Univers, 51 rue des Tanneurs, 57000 Metz Expositions temporaires Pas d&rsquo;exposition temporaire de [&hellip;]<\/p>\n","protected":false},"author":1,"featured_media":0,"parent":0,"menu_order":0,"comment_status":"closed","ping_status":"closed","template":"","meta":{"footnotes":""},"_links":{"self":[{"href":"https:\/\/www.source77.net\/expophoto\/wp-json\/wp\/v2\/pages\/1263"}],"collection":[{"href":"https:\/\/www.source77.net\/expophoto\/wp-json\/wp\/v2\/pages"}],"about":[{"href":"https:\/\/www.source77.net\/expophoto\/wp-json\/wp\/v2\/types\/page"}],"author":[{"embeddable":true,"href":"https:\/\/www.source77.net\/expophoto\/wp-json\/wp\/v2\/users\/1"}],"replies":[{"embeddable":true,"href":"https:\/\/www.source77.net\/expophoto\/wp-json\/wp\/v2\/comments?post=1263"}],"version-history":[{"count":71,"href":"https:\/\/www.source77.net\/expophoto\/wp-json\/wp\/v2\/pages\/1263\/revisions"}],"predecessor-version":[{"id":1399,"href":"https:\/\/www.source77.net\/expophoto\/wp-json\/wp\/v2\/pages\/1263\/revisions\/1399"}],"wp:attachment":[{"href":"https:\/\/www.source77.net\/expophoto\/wp-json\/wp\/v2\/media?parent=1263"}],"curies":[{"name":"wp","href":"https:\/\/api.w.org\/{rel}","templated":true}]}}